{"id":284,"date":"2021-06-02T16:30:11","date_gmt":"2021-06-02T14:30:11","guid":{"rendered":"http:\/\/ogv-floss.de\/?page_id=284"},"modified":"2025-10-26T19:09:34","modified_gmt":"2025-10-26T18:09:34","slug":"unser-verein","status":"publish","type":"page","link":"https:\/\/ogv-floss.de\/?page_id=284","title":{"rendered":"Unser Verein"},"content":{"rendered":"\n<div class=\"wp-block-getwid-section hbild alignfull getwid-anim fadeIn\" data-wow-duration=\"2000ms\" data-wow-delay=\"100ms\"><div class=\"wp-block-getwid-section__wrapper\" style=\"min-height:55vh\"><div class=\"wp-block-getwid-section__inner-wrapper\"><div class=\"wp-block-getwid-section__background-holder\"><div class=\"wp-block-getwid-section__background\" style=\"background-image:url('http:\/\/ogv-floss.de\/wp-content\/uploads\/2021\/06\/FotoleisteVerein-scaled.jpg');background-position:76% 64%\"><div class=\"wp-block-getwid-section__background-image-wrapper\"><img decoding=\"async\" class=\"wp-block-getwid-section__background-image\" src=\"http:\/\/ogv-floss.de\/wp-content\/uploads\/2021\/06\/FotoleisteVerein-scaled.jpg\" alt=\"\"\/><\/div><\/div><div class=\"wp-block-getwid-section__foreground\"><\/div><\/div><div class=\"wp-block-getwid-section__content\"><div class=\"wp-block-getwid-section__inner-content\"><\/div><\/div><\/div><\/div><\/div>\n\n\n\n<div class=\"wp-block-getwid-section ogheading alignwide alignwide getwid-anim fadeInDown getwid-section-content-custom-width advgb-dyn-29fbbd68\" data-wow-duration=\"2000ms\" data-wow-delay=\"50ms\"><div class=\"wp-block-getwid-section__wrapper\" style=\"min-height:12vh\"><div class=\"wp-block-getwid-section__inner-wrapper\" style=\"max-width:1000px\"><div class=\"wp-block-getwid-section__background-holder\"><div class=\"wp-block-getwid-section__background has-background\" style=\"background-color:#aabc1e\"><\/div><div class=\"wp-block-getwid-section__foreground\" style=\"mix-blend-mode:\"><\/div><\/div><div class=\"wp-block-getwid-section__content\"><div class=\"wp-block-getwid-section__inner-content\">\n<h1 class=\"wp-block-heading has-text-align-left has-nv-c-2-color has-text-color\">Obst- und Gartenbauverein Flo\u00df und Umgebung<\/h1>\n<\/div><\/div><\/div><\/div><\/div>\n\n\n\n<div class=\"wp-block-getwid-section whiteog alignwide alignwide getwid-anim fadeInUp getwid-section-content-custom-width advgb-dyn-bc5cf00b\" data-wow-duration=\"2000ms\" data-wow-delay=\"50ms\"><div class=\"wp-block-getwid-section__wrapper getwid-align-items-flex-start\" style=\"min-height:62vh\"><div class=\"wp-block-getwid-section__inner-wrapper\" style=\"max-width:1000px\"><div class=\"wp-block-getwid-section__background-holder\"><div class=\"wp-block-getwid-section__background has-background has-nv-text-dark-bg-background-color\"><\/div><div class=\"wp-block-getwid-section__foreground\"><\/div><\/div><div class=\"wp-block-getwid-section__content\"><div class=\"wp-block-getwid-section__inner-content\">\n<div class=\"wp-block-group\"><div class=\"wp-block-group__inner-container is-layout-flow wp-block-group-is-layout-flow\">\n<h2 class=\"wp-block-heading has-nv-c-1-color has-text-color\">\u00dcber unseren Verein<\/h2>\n\n\n\n<p class=\"has-text-align-left\">Der Obst- und Gartenbauverein Flo\u00df &amp; Umgebung ist die Basis vor Ort. \u00dcbergeordnet sind uns der <a href=\"https:\/\/www.gartenbauvereine-kreisverband-neustadt.de\" data-type=\"URL\" data-id=\"https:\/\/www.gartenbauvereine-kreisverband-neustadt.de\" target=\"_blank\" rel=\"noreferrer noopener\">Kreisverband Neustadt a. d. Waldnaab<\/a>, der <strong>Bezirksverband Oberpfalz<\/strong> sowie der Dachverband <a rel=\"noreferrer noopener\" href=\"http:\/\/gartenbauvereine.org\" data-type=\"URL\" data-id=\"gartenbauvereine.org\" target=\"_blank\">Landesverband f\u00fcr Gartenbau und Landespflege<\/a> in Bayern<strong>.<\/strong> <\/p>\n\n\n\n<h3 class=\"wp-block-heading has-nv-c-1-color has-text-color\">Unsere Geschichte:<\/h3>\n\n\n<div class=\"_df_book df-lite\" id=\"df_1329\"  _slug=\"chronik-ogv\" data-title=\"chronik-ogv\" wpoptions=\"true\" thumbtype=\"\" ><\/div><script class=\"df-shortcode-script\" nowprocket type=\"application\/javascript\">window.option_df_1329 = {\"outline\":[],\"autoEnableOutline\":\"false\",\"autoEnableThumbnail\":\"false\",\"overwritePDFOutline\":\"false\",\"enableDownload\":\"false\",\"direction\":\"1\",\"pageSize\":\"0\",\"pageMode\":\"1\",\"soundEnable\":\"false\",\"source\":\"https:\\\/\\\/ogv-floss.de\\\/wp-content\\\/uploads\\\/2021\\\/06\\\/ChronikBroschuereOGVFloss-1.pdf\",\"wpOptions\":\"true\"}; if(window.DFLIP && window.DFLIP.parseBooks){window.DFLIP.parseBooks();}<\/script>\n\n\n\n<div style=\"height:25px\" aria-hidden=\"true\" class=\"wp-block-spacer advgb-dyn-90a12b08\"><\/div>\n\n\n\n<h3 class=\"wp-block-heading has-nv-c-1-color has-text-color\">Ziele und Philosophie:<\/h3>\n\n\n\n<div class=\"wp-block-advgb-list\"><ul class=\"advgblist-398c26b8-bf66-408e-9dc1-a9f2d96019c0 advgb-list advgb-list-marker\">\n<li>Kultur und Natur werden in einem Garten vereint.<\/li>\n\n\n\n<li>In einem Garten sind Mensch und Natur in Einklang.<\/li>\n\n\n\n<li>Gartenarbeit f\u00f6rdert die psychische und physische Gesundheit.<\/li>\n\n\n\n<li>Ein fundiertes Fachwissen macht erfolgreiches G\u00e4rtnern m\u00f6glich.<\/li>\n\n\n\n<li>Ein gesch\u00fctzter, vielf\u00e4ltiger Gartenraum erm\u00f6glicht Kindern, sich ein solides Fundament f\u00fcr ihr Leben zu bauen.<\/li>\n<\/ul><\/div>\n\n\n\n<div style=\"height:25px\" aria-hidden=\"true\" class=\"wp-block-spacer advgb-dyn-90a12b08\"><\/div>\n\n\n\n<p>Ziele unseres Vereins sind die F\u00f6rderung von Obst- und Gartenbau, die Bewahrung von Gartenkultur sowie der Umweltschutz. Der Ortsverband will dem Erhalt einer intakten Kulturlandschaft und der menschlichen Gesundheit dienen. Weitere Aufgaben sind die Ortsversch\u00f6nerung, die Bewahrung und Versch\u00f6nerung der Heimat, die Heimatpflege und die Landeskultur unserer Gegend. Beispiele: der Verein hat sich an der Umsetzung des Wanderwegs <strong>\u201e<a rel=\"noreferrer noopener\" href=\"http:\/\/www.der-findling.de\" target=\"_blank\">Der Findling &#8211; Ruhe finden auf Flosser wegen<\/a>\u201c<\/strong> beteiligt; eine Abordnung nimmt an Festz\u00fcgen mit bunt geschm\u00fcckten W\u00e4gen teil Begr\u00fcnungsma\u00dfnahmen in und um Flo\u00df. Seinen Mitgliedern bietet der Obst und Gartenbauverein Flo\u00df und Umgebung Informations- und Weiterbildungsveranstaltungen mit Fachvortr\u00e4gen sowie Schnittkurse an. \u00dcber die<a href=\"http:\/\/www.neustadt.de\" target=\"_blank\" rel=\"noreferrer noopener\"> <strong>Kreisfachberatung<\/strong> <strong>des Landratsamts Neustadt an der Waldnaab<\/strong><\/a><a href=\"Kreisfachberatunghttp:\/\/www.neustadt.de des Landratsamts Neustadt an der Waldnaab\"> <\/a>k\u00f6nnen auch Gartenpflegekurse absolviert werden. Die Gemeinschaft zu f\u00f6rdern, ist uns ein wichtiges Anliegen. Hollerk\u00fcchelfest im Kreislehrgarten bei. Dort gibt es auch regelm\u00e4\u00dfig von Vereinsmitgliedern gef\u00fchrte Gartenrundg\u00e4nge oder Kr\u00e4uterf\u00fchrungen mit Kr\u00e4uterexperten. Au\u00dferdem forcieren wir vereins\u00fcbergreifende Aktionen.<\/p>\n<\/div><\/div>\n\n\n\n<h3 class=\"wp-block-heading has-nv-c-1-color has-text-color\">Regelm\u00e4\u00dfige Aktionen<\/h3>\n\n\n\n<div class=\"wp-block-advgb-list\"><ul class=\"advgblist-9b4f2cb7-8096-4cd5-8c31-b9890fb82db2 advgb-list advgb-list-marker\">\n<li>Hollerk\u00fcchelfest im Juni<\/li>\n\n\n\n<li>Fr\u00fchjahrs- und Herbstversammlung mit Fachvortr\u00e4gen<\/li>\n\n\n\n<li>Der OGV Flo\u00df bietet in jedem Jahr am Samstag vor Muttertag allen Kindern eine Bastelaktion an. Nicht nur Gartenkr\u00e4hen k\u00f6nnen dann ein h\u00fcbsches, kreatives Muttertagsgeschenk f\u00fcr ihre Mamas erstellen.<\/li>\n\n\n\n<li>Im Rahmen des Ferienprogramms findet immer Anfang August die Premiere von Hermanns Kasperltheater im Kreislehrgarten statt. F\u00fcr die Erwachsenen wird Kaffee und Kuchen im Gartencaf\u00e9 angeboten.<\/li>\n<\/ul><\/div>\n\n\n\n<div style=\"height:25px\" aria-hidden=\"true\" class=\"wp-block-spacer advgb-dyn-90a12b08\"><\/div>\n\n\n\n<h3 class=\"wp-block-heading has-nv-c-1-color has-text-color\">Daten und Fakten (Stand 2025):<\/h3>\n\n\n\n<h4 class=\"wp-block-heading\">Vorstandschaft:<\/h4>\n\n\n\n<p>Vorsitzende Rita Rosner, Vorsitzende Edith Lederer, Kassier Thomas Stetter, Schriftf\u00fchrerin Nicole Venzl<br><strong>Ausschussmitglieder:<\/strong><br>Hermann Sch\u00e4tzler, Christoph Plouschka, Christa Gollwitzer, Claudia Seidler<br><strong>Betreuerin der Kindergruppe Die Flosser Gartenkr\u00e4hen<\/strong>: <br>Nicole Venzl (Kontakt: 0175\/8604945), Claudia Seidler, Helferin: Sigrid Strobel<br><strong>Betreuerinnen der Jugendgruppe Die Flosser Bahnhofskr\u00e4hen:<\/strong><br>Nadine Gralla-Sommer (Kontakt: 0170\/5609019), Andrea Kostka (Kontakt: 0175\/6395339)<br><\/p>\n\n\n\n<h4 class=\"wp-block-heading\">Themenbereiche:<\/h4>\n\n\n\n<div class=\"wp-block-advgb-list\"><ul class=\"advgblist-f03af52d-07ba-40d5-8a3f-c9a2a80dde3d advgb-list advgb-list-marker\">\n<li>Obst- und Gartenbau<\/li>\n\n\n\n<li>Landespflege und Ortsversch\u00f6nerung<\/li>\n\n\n\n<li>Natur- und Artenschutz<\/li>\n\n\n\n<li>Lebensraum und Familie<\/li>\n\n\n\n<li>Gesundheit und Wohlbefinden<\/li>\n\n\n\n<li>Lebensqualit\u00e4t<\/li>\n\n\n\n<li>Vereinsleben und Ehrenamt<\/li>\n<\/ul><\/div>\n\n\n\n<div style=\"height:25px\" aria-hidden=\"true\" class=\"wp-block-spacer advgb-dyn-90a12b08\"><\/div>\n\n\n\n<h4 class=\"wp-block-heading\">Satzung mit Wahlordnung:<\/h4>\n\n\n\n<div style=\"height:37px\" aria-hidden=\"true\" class=\"wp-block-spacer advgb-dyn-b0d4ecf9\"><\/div>\n\n\n<div class=\"_df_book df-lite\" id=\"df_1364\"  _slug=\"ogv-satzung\" data-title=\"ogv-satzung\" wpoptions=\"true\" thumbtype=\"\" ><\/div><script class=\"df-shortcode-script\" nowprocket type=\"application\/javascript\">window.option_df_1364 = {\"outline\":[],\"autoEnableOutline\":\"false\",\"autoEnableThumbnail\":\"false\",\"overwritePDFOutline\":\"false\",\"enableDownload\":\"false\",\"direction\":\"1\",\"pageSize\":\"0\",\"pageMode\":\"1\",\"soundEnable\":\"false\",\"source\":\"https:\\\/\\\/ogv-floss.de\\\/wp-content\\\/uploads\\\/2021\\\/07\\\/OGVSatzung2021.pdf\",\"wpOptions\":\"true\"}; if(window.DFLIP && window.DFLIP.parseBooks){window.DFLIP.parseBooks();}<\/script>\n<\/div><\/div><\/div><\/div><\/div>\n<style class=\"advgb-styles-renderer\">.wp-block-advgb-list ul.advgblist-398c26b8-bf66-408e-9dc1-a9f2d96019c0 > li{font-size:16px;}.wp-block-advgb-list ul.advgblist-398c26b8-bf66-408e-9dc1-a9f2d96019c0 > li{padding-left:18px;margin-left:0;}.wp-block-advgb-list ul.advgblist-398c26b8-bf66-408e-9dc1-a9f2d96019c0 > li:before{font-size:16px;color:var(--nv-c-1);line-height:18px;margin:7px;padding:2px;margin-left:-25px}.wp-block-advgb-list ul.advgblist-398c26b8-bf66-408e-9dc1-a9f2d96019c0 > li{font-size:16px;}.wp-block-advgb-list ul.advgblist-398c26b8-bf66-408e-9dc1-a9f2d96019c0 > li{padding-left:18px;margin-left:0;}.wp-block-advgb-list ul.advgblist-398c26b8-bf66-408e-9dc1-a9f2d96019c0 > li:before{font-size:16px;color:var(--nv-c-1);line-height:18px;margin:7px;padding:2px;margin-left:-25px}.wp-block-advgb-list ul.advgblist-9b4f2cb7-8096-4cd5-8c31-b9890fb82db2 > li{font-size:16px;}.wp-block-advgb-list ul.advgblist-9b4f2cb7-8096-4cd5-8c31-b9890fb82db2 > li{padding-left:18px;margin-left:0;}.wp-block-advgb-list ul.advgblist-9b4f2cb7-8096-4cd5-8c31-b9890fb82db2 > li:before{font-size:16px;color:var(--nv-c-1);line-height:18px;margin:7px;padding:2px;margin-left:-25px}.wp-block-advgb-list ul.advgblist-f03af52d-07ba-40d5-8a3f-c9a2a80dde3d > li{font-size:16px;}.wp-block-advgb-list ul.advgblist-f03af52d-07ba-40d5-8a3f-c9a2a80dde3d > li{padding-left:18px;margin-left:0;}.wp-block-advgb-list ul.advgblist-f03af52d-07ba-40d5-8a3f-c9a2a80dde3d > li:before{font-size:16px;color:var(--nv-c-1);line-height:18px;margin:7px;padding:2px;margin-left:-25px}.wp-block-advgb-list ul.advgblist-398c26b8-bf66-408e-9dc1-a9f2d96019c0 > li{font-size:16px;}.wp-block-advgb-list ul.advgblist-398c26b8-bf66-408e-9dc1-a9f2d96019c0 > li{padding-left:18px;margin-left:0;}.wp-block-advgb-list ul.advgblist-398c26b8-bf66-408e-9dc1-a9f2d96019c0 > li:before{font-size:16px;color:var(--nv-c-1);line-height:18px;margin:7px;padding:2px;margin-left:-25px}.wp-block-advgb-list ul.advgblist-9b4f2cb7-8096-4cd5-8c31-b9890fb82db2 > li{font-size:16px;}.wp-block-advgb-list ul.advgblist-9b4f2cb7-8096-4cd5-8c31-b9890fb82db2 > li{padding-left:18px;margin-left:0;}.wp-block-advgb-list ul.advgblist-9b4f2cb7-8096-4cd5-8c31-b9890fb82db2 > li:before{font-size:16px;color:var(--nv-c-1);line-height:18px;margin:7px;padding:2px;margin-left:-25px}.wp-block-advgb-list ul.advgblist-f03af52d-07ba-40d5-8a3f-c9a2a80dde3d > li{font-size:16px;}.wp-block-advgb-list ul.advgblist-f03af52d-07ba-40d5-8a3f-c9a2a80dde3d > li{padding-left:18px;margin-left:0;}.wp-block-advgb-list ul.advgblist-f03af52d-07ba-40d5-8a3f-c9a2a80dde3d > li:before{font-size:16px;color:var(--nv-c-1);line-height:18px;margin:7px;padding:2px;margin-left:-25px}<\/style>","protected":false},"excerpt":{"rendered":"","protected":false},"author":2,"featured_media":0,"parent":0,"menu_order":0,"comment_status":"closed","ping_status":"closed","template":"page-templates\/template-pagebuilder-full-width.php","meta":{"advgb_blocks_editor_width":"","advgb_blocks_columns_visual_guide":"","neve_meta_sidebar":"full-width","neve_meta_container":"full-width","neve_meta_enable_content_width":"on","neve_meta_content_width":100,"neve_meta_title_alignment":"","neve_meta_author_avatar":"","neve_post_elements_order":"","neve_meta_disable_header":"","neve_meta_disable_footer":"","neve_meta_disable_title":"on","pgc_sgb_lightbox_settings":"","_themeisle_gutenberg_block_has_review":false,"footnotes":""},"class_list":["post-284","page","type-page","status-publish","hentry"],"coauthors":[],"author_meta":{"author_link":"https:\/\/ogv-floss.de\/?author=2","display_name":"Jonathan"},"relative_dates":{"created":"Ver\u00f6ffentlicht 5\u00a0Jahren vor","modified":"Aktualisiert 6\u00a0Monaten vor"},"absolute_dates":{"created":"Ver\u00f6ffentlicht am 2. Juni 2021","modified":"Aktualisiert am 26. Oktober 2025"},"absolute_dates_time":{"created":"Ver\u00f6ffentlicht am 2. Juni 2021 16:30","modified":"Aktualisiert am 26. Oktober 2025 19:09"},"featured_img_caption":"","featured_img":false,"series_order":"","_links":{"self":[{"href":"https:\/\/ogv-floss.de\/index.php?rest_route=\/wp\/v2\/pages\/284","targetHints":{"allow":["GET"]}}],"collection":[{"href":"https:\/\/ogv-floss.de\/index.php?rest_route=\/wp\/v2\/pages"}],"about":[{"href":"https:\/\/ogv-floss.de\/index.php?rest_route=\/wp\/v2\/types\/page"}],"author":[{"embeddable":true,"href":"https:\/\/ogv-floss.de\/index.php?rest_route=\/wp\/v2\/users\/2"}],"replies":[{"embeddable":true,"href":"https:\/\/ogv-floss.de\/index.php?rest_route=%2Fwp%2Fv2%2Fcomments&post=284"}],"version-history":[{"count":75,"href":"https:\/\/ogv-floss.de\/index.php?rest_route=\/wp\/v2\/pages\/284\/revisions"}],"predecessor-version":[{"id":2197,"href":"https:\/\/ogv-floss.de\/index.php?rest_route=\/wp\/v2\/pages\/284\/revisions\/2197"}],"wp:attachment":[{"href":"https:\/\/ogv-floss.de\/index.php?rest_route=%2Fwp%2Fv2%2Fmedia&parent=284"}],"curies":[{"name":"wp","href":"https:\/\/api.w.org\/{rel}","templated":true}]}}